{"id":1209,"date":"2022-03-22T14:57:29","date_gmt":"2022-03-22T14:57:29","guid":{"rendered":"https:\/\/comtemp.com.pt\/notre-engagement\/"},"modified":"2023-03-08T18:00:56","modified_gmt":"2023-03-08T18:00:56","slug":"notre-engagement","status":"publish","type":"page","link":"https:\/\/comtemp.com.pt\/fr\/notre-engagement\/","title":{"rendered":"Notre engagement"},"content":{"rendered":"<section class=\"hero-page\" data-controller=\"blocks\/HeroPage\" headerColor=\"light\"> \n\n  <div class=\"hero-page__backgrd\" style=\"background-image: url('https:\/\/comtemp.com.pt\/wp-content\/uploads\/2022\/10\/pexels-grape-things-3840331-1536x1153.jpg')\">  <\/div>\n  <div class=\"container\">\n    <div class=\"hero-page__txt\">\n      <div class=\"hero-page__txt-box\">\n        <h1 class=\"js-title\"> Notre engagement<\/h1>\n      <\/div>\n      <div class=\"hero-page__txt-box\">\n        <p> Comtemp\u00ae reconna\u00eet une Politique Qualit\u00e9 et Environnement solide comme un instrument fondamental de sa strat\u00e9gie, car c&#8217;est le seul moyen d&#8217;atteindre les niveaux de rigueur qui conduisent l&#8217;organisation \u00e0 son succ\u00e8s. <\/p>\n      <\/div>\n    <\/div>\n    <div class=\"hero-page__stripe\"> <\/div>\n  <\/div>\n<\/section>\n\n<section class=\"text-image-page \" > \n  <div class=\"container\">\n    <div class=\"row text-image-page__column-txt-img\">\n      <div class=\"text-image-page__image\">\n        <div class=\"text-image-page__image-wrap\">\n                      <div class=\"text-image-page__image-wrap-second\">\n              <img decoding=\"async\" src=\"https:\/\/comtemp.com.pt\/wp-content\/uploads\/2022\/10\/morangos-768x511.jpg\" \/>\n            <\/div>\n                    <div class=\"text-image-page__image-wrap-primary\">\n            <img decoding=\"async\" src=\"https:\/\/comtemp.com.pt\/wp-content\/uploads\/2022\/10\/tomate-768x1056.jpg\" \/>\n          <\/div>\n        <\/div>\n      <\/div>\n      <div class=\"text-image-page__info\">\n        <div class=\"text-image-page__info-wrap\">\n          <h5>Engagement de l&#039;entreprise<\/h5>\n          <h3>Qualidade e Inova\u00e7\u00e3o<\/h3>\n          <p>\u00catre une r\u00e9f\u00e9rence en termes de qualit\u00e9 dans l&#8217;approvisionnement des produits;<br \/>\r\n<br \/>\r\nPromouvoir la satisfaction totale et les attentes pr\u00e9sentes et futures de nos clients en fournissant des produits de qualit\u00e9, authentiques et s\u00fbrs du point de vue de l&#8217;hygi\u00e8ne et de la s\u00e9curit\u00e9 alimentaire;<br \/>\r\n<br \/>\r\nPromouvoir une culture de la salubrit\u00e9 des aliments gr\u00e2ce \u00e0 une communication efficace avec les employ\u00e9s;<br \/>\r\n<br \/>\r\nAppliquer les mesures pr\u00e9ventives d&#8217;hygi\u00e8ne et de s\u00e9curit\u00e9 alimentaire en respectant les principes du syst\u00e8me HACCP, conform\u00e9ment aux exigences applicables;<br \/>\r\n<br \/>\r\nAugmenter la comp\u00e9titivit\u00e9 face aux concurrents.<\/p>\n                  <\/div>\n      <\/div>\n    <\/div>\n  <\/div>\n<\/section>\n\n<section class=\"text-image-page-exten\">\n  <div class=\"container\">\n    <div class=\"row\">\n      <div class=\"text-image-page-exten__image\">\n        <div class=\"text-image-page-exten__image-wrap\">\n            <img decoding=\"async\" src=\"https:\/\/comtemp.com.pt\/wp-content\/uploads\/2022\/11\/painel_solar-768x1056.jpg\" \/>\n        <\/div>\n      <\/div>\n      <div class=\"text-image-page-exten__info\">\n        <div class=\"text-image-page-exten__info-wrap\">\n          <h5>Politique Qualit\u00e9 et Environnement<\/h5>\n          <h3>Durabilit\u00e9 et s\u00e9curit\u00e9<\/h3>\n          <p>Revoir p\u00e9riodiquement les objectifs \u00e9tablis, visant toujours la pr\u00e9vention, la r\u00e9duction et le contr\u00f4le de la pollution ainsi que la protection et la pr\u00e9servation de l&#8217;environnement;<br \/>\r\n<br \/>\r\n\u00c9valuer et am\u00e9liorer continuellement tous les processus et surveiller l&#8217;efficacit\u00e9 et la performance du syst\u00e8me de gestion de la qualit\u00e9, de l&#8217;environnement et de la s\u00e9curit\u00e9 alimentaire;<br \/>\r\n<br \/>\r\nD\u00e9velopper des actions appropri\u00e9es pour atteindre les objectifs environnementaux, d\u00e9finis en fonction des aspects environnementaux significatifs;<br \/>\r\n<br \/>\r\nFormer et informer ses employ\u00e9s afin de favoriser leur mise \u00e0 jour et leur am\u00e9lioration, afin que toutes les t\u00e2ches soient effectu\u00e9es avec qualit\u00e9, productivit\u00e9, durabilit\u00e9 et s\u00e9curit\u00e9.<br \/>\r\n<br \/>\r\nAssurez-vous que tous les employ\u00e9s portent et utilisent des v\u00eatements, des chaussures et de l&#8217;\u00e9quipement de protection.<br \/>\r\n<br \/>\r\n<br \/>\r\n<\/p>\n                  <\/div>\n      <\/div>\n    <\/div>\n  <\/div>\n<\/section>\n\n\n<section class=\"text-image-page \" > \n  <div class=\"container\">\n    <div class=\"row text-image-page__column-txt-img\">\n      <div class=\"text-image-page__image\">\n        <div class=\"text-image-page__image-wrap\">\n                    <div class=\"text-image-page__image-wrap-primary\">\n            <img decoding=\"async\" src=\"https:\/\/comtemp.com.pt\/wp-content\/uploads\/2022\/10\/trabalhador-768x1056.jpg\" \/>\n          <\/div>\n        <\/div>\n      <\/div>\n      <div class=\"text-image-page__info\">\n        <div class=\"text-image-page__info-wrap\">\n          <h5>Normes de sensibilisation<\/h5>\n          <h3>Responsabilit\u00e9 sociale<\/h3>\n          <p>Impliquer en permanence les employ\u00e9s afin de garantir la satisfaction personnelle, la motivation, la responsabilit\u00e9 et l&#8217;esprit d&#8217;\u00e9quipe, ainsi que leur prise de conscience de l&#8217;engagement total envers les syst\u00e8mes de gestion de la qualit\u00e9, de l&#8217;environnement, de la s\u00e9curit\u00e9 alimentaire et de la SST;<br \/>\r\n<br \/>\r\nD\u00e9velopper une communication efficace avec les diff\u00e9rentes parties prenantes;<br \/>\r\n<br \/>\r\nRespecter et faire respecter les exigences applicables, les obligations de conformit\u00e9 ainsi que les normes mises en \u0153uvre;<br \/>\r\n<br \/>\r\nVeiller \u00e0 ce que tous les incidents ou \u00e9v\u00e9nements dangereux soient signal\u00e9s;<\/p>\n                  <\/div>\n      <\/div>\n    <\/div>\n  <\/div>\n<\/section>","protected":false},"excerpt":{"rendered":"","protected":false},"author":2,"featured_media":0,"parent":0,"menu_order":0,"comment_status":"closed","ping_status":"closed","template":"","meta":{"footnotes":""},"class_list":["post-1209","page","type-page","status-publish","hentry"],"yoast_head":"<!-- This site is optimized with the Yoast SEO plugin v18.3 - https:\/\/yoast.com\/wordpress\/plugins\/seo\/ -->\n<title>Notre engagement - Comtemp<\/title>\n<meta name=\"robots\" content=\"index, follow, max-snippet:-1, max-image-preview:large, max-video-preview:-1\" \/>\n<link rel=\"canonical\" href=\"https:\/\/comtemp.com.pt\/fr\/notre-engagement\/\" \/>\n<meta property=\"og:locale\" content=\"fr_FR\" \/>\n<meta property=\"og:type\" content=\"article\" \/>\n<meta property=\"og:title\" content=\"Notre engagement - Comtemp\" \/>\n<meta property=\"og:url\" content=\"https:\/\/comtemp.com.pt\/fr\/notre-engagement\/\" \/>\n<meta property=\"og:site_name\" content=\"Comtemp\" \/>\n<meta property=\"article:modified_time\" content=\"2023-03-08T18:00:56+00:00\" \/>\n<meta name=\"twitter:card\" content=\"summary_large_image\" \/>\n<script type=\"application\/ld+json\" class=\"yoast-schema-graph\">{\"@context\":\"https:\/\/schema.org\",\"@graph\":[{\"@type\":\"WebSite\",\"@id\":\"https:\/\/comtemp.com.pt\/#website\",\"url\":\"https:\/\/comtemp.com.pt\/\",\"name\":\"Comtemp\",\"description\":\"A Comtemp \u00e9 uma empresa de produtos de consumo, baseados e derivados de vinagre ou fermentados, orientada para sistemas alimentares de futuro e wellness. Descubra as nossas marcas e tudo o que podemos fazer pela sua!\",\"potentialAction\":[{\"@type\":\"SearchAction\",\"target\":{\"@type\":\"EntryPoint\",\"urlTemplate\":\"https:\/\/comtemp.com.pt\/?s={search_term_string}\"},\"query-input\":\"required name=search_term_string\"}],\"inLanguage\":\"fr-FR\"},{\"@type\":\"WebPage\",\"@id\":\"https:\/\/comtemp.com.pt\/fr\/notre-engagement\/#webpage\",\"url\":\"https:\/\/comtemp.com.pt\/fr\/notre-engagement\/\",\"name\":\"Notre engagement - Comtemp\",\"isPartOf\":{\"@id\":\"https:\/\/comtemp.com.pt\/#website\"},\"datePublished\":\"2022-03-22T14:57:29+00:00\",\"dateModified\":\"2023-03-08T18:00:56+00:00\",\"breadcrumb\":{\"@id\":\"https:\/\/comtemp.com.pt\/fr\/notre-engagement\/#breadcrumb\"},\"inLanguage\":\"fr-FR\",\"potentialAction\":[{\"@type\":\"ReadAction\",\"target\":[\"https:\/\/comtemp.com.pt\/fr\/notre-engagement\/\"]}]},{\"@type\":\"BreadcrumbList\",\"@id\":\"https:\/\/comtemp.com.pt\/fr\/notre-engagement\/#breadcrumb\",\"itemListElement\":[{\"@type\":\"ListItem\",\"position\":1,\"name\":\"In\u00edcio\",\"item\":\"https:\/\/comtemp.com.pt\/fr\/\"},{\"@type\":\"ListItem\",\"position\":2,\"name\":\"Notre engagement\"}]}]}<\/script>\n<!-- \/ Yoast SEO plugin. -->","yoast_head_json":{"title":"Notre engagement - Comtemp","robots":{"index":"index","follow":"follow","max-snippet":"max-snippet:-1","max-image-preview":"max-image-preview:large","max-video-preview":"max-video-preview:-1"},"canonical":"https:\/\/comtemp.com.pt\/fr\/notre-engagement\/","og_locale":"fr_FR","og_type":"article","og_title":"Notre engagement - Comtemp","og_url":"https:\/\/comtemp.com.pt\/fr\/notre-engagement\/","og_site_name":"Comtemp","article_modified_time":"2023-03-08T18:00:56+00:00","twitter_card":"summary_large_image","schema":{"@context":"https:\/\/schema.org","@graph":[{"@type":"WebSite","@id":"https:\/\/comtemp.com.pt\/#website","url":"https:\/\/comtemp.com.pt\/","name":"Comtemp","description":"A Comtemp \u00e9 uma empresa de produtos de consumo, baseados e derivados de vinagre ou fermentados, orientada para sistemas alimentares de futuro e wellness. Descubra as nossas marcas e tudo o que podemos fazer pela sua!","potentialAction":[{"@type":"SearchAction","target":{"@type":"EntryPoint","urlTemplate":"https:\/\/comtemp.com.pt\/?s={search_term_string}"},"query-input":"required name=search_term_string"}],"inLanguage":"fr-FR"},{"@type":"WebPage","@id":"https:\/\/comtemp.com.pt\/fr\/notre-engagement\/#webpage","url":"https:\/\/comtemp.com.pt\/fr\/notre-engagement\/","name":"Notre engagement - Comtemp","isPartOf":{"@id":"https:\/\/comtemp.com.pt\/#website"},"datePublished":"2022-03-22T14:57:29+00:00","dateModified":"2023-03-08T18:00:56+00:00","breadcrumb":{"@id":"https:\/\/comtemp.com.pt\/fr\/notre-engagement\/#breadcrumb"},"inLanguage":"fr-FR","potentialAction":[{"@type":"ReadAction","target":["https:\/\/comtemp.com.pt\/fr\/notre-engagement\/"]}]},{"@type":"BreadcrumbList","@id":"https:\/\/comtemp.com.pt\/fr\/notre-engagement\/#breadcrumb","itemListElement":[{"@type":"ListItem","position":1,"name":"In\u00edcio","item":"https:\/\/comtemp.com.pt\/fr\/"},{"@type":"ListItem","position":2,"name":"Notre engagement"}]}]}},"acf":[],"_links":{"self":[{"href":"https:\/\/comtemp.com.pt\/fr\/wp-json\/wp\/v2\/pages\/1209","targetHints":{"allow":["GET"]}}],"collection":[{"href":"https:\/\/comtemp.com.pt\/fr\/wp-json\/wp\/v2\/pages"}],"about":[{"href":"https:\/\/comtemp.com.pt\/fr\/wp-json\/wp\/v2\/types\/page"}],"author":[{"embeddable":true,"href":"https:\/\/comtemp.com.pt\/fr\/wp-json\/wp\/v2\/users\/2"}],"replies":[{"embeddable":true,"href":"https:\/\/comtemp.com.pt\/fr\/wp-json\/wp\/v2\/comments?post=1209"}],"version-history":[{"count":9,"href":"https:\/\/comtemp.com.pt\/fr\/wp-json\/wp\/v2\/pages\/1209\/revisions"}],"predecessor-version":[{"id":1220,"href":"https:\/\/comtemp.com.pt\/fr\/wp-json\/wp\/v2\/pages\/1209\/revisions\/1220"}],"wp:attachment":[{"href":"https:\/\/comtemp.com.pt\/fr\/wp-json\/wp\/v2\/media?parent=1209"}],"curies":[{"name":"wp","href":"https:\/\/api.w.org\/{rel}","templated":true}]}}